{"id":7833,"date":"2020-04-15T11:56:33","date_gmt":"2020-04-15T09:56:33","guid":{"rendered":"http:\/\/armin-knab-gymnasium.de\/Home\/?page_id=7833"},"modified":"2024-10-08T13:25:01","modified_gmt":"2024-10-08T11:25:01","slug":"mint","status":"publish","type":"page","link":"https:\/\/armin-knab-gymnasium.de\/Home\/mint\/","title":{"rendered":"MINT"},"content":{"rendered":"<div class=\"wp-block-image\">\n<figure class=\"aligncenter\"><a href=\"https:\/\/armin-knab-gymnasium.de\/Home\/wp-content\/uploads\/2020\/04\/TitelMINT.jpg\"><img loading=\"lazy\" decoding=\"async\" width=\"1920\" height=\"409\" src=\"https:\/\/armin-knab-gymnasium.de\/Home\/wp-content\/uploads\/2020\/04\/TitelMINT.jpg\" alt=\"\" class=\"wp-image-7869\" srcset=\"https:\/\/armin-knab-gymnasium.de\/Home\/wp-content\/uploads\/2020\/04\/TitelMINT.jpg 1920w, https:\/\/armin-knab-gymnasium.de\/Home\/wp-content\/uploads\/2020\/04\/TitelMINT-300x64.jpg 300w, https:\/\/armin-knab-gymnasium.de\/Home\/wp-content\/uploads\/2020\/04\/TitelMINT-1024x218.jpg 1024w, https:\/\/armin-knab-gymnasium.de\/Home\/wp-content\/uploads\/2020\/04\/TitelMINT-768x164.jpg 768w, https:\/\/armin-knab-gymnasium.de\/Home\/wp-content\/uploads\/2020\/04\/TitelMINT-1536x327.jpg 1536w, https:\/\/armin-knab-gymnasium.de\/Home\/wp-content\/uploads\/2020\/04\/TitelMINT-624x133.jpg 624w\" sizes=\"auto, (max-width: 1920px) 100vw, 1920px\" \/><\/a><\/figure>\n<\/div>\n\n\n<p><strong>&nbsp; &nbsp; &nbsp; &nbsp; &nbsp; &nbsp; &nbsp; &nbsp; &nbsp; &nbsp; &nbsp; &nbsp; &nbsp; &nbsp;Mathematik<\/strong>&nbsp; &nbsp; &nbsp; &nbsp; &nbsp; &nbsp; &nbsp; &nbsp; &nbsp; &nbsp; &nbsp; &nbsp; &nbsp; &nbsp; &nbsp; &nbsp; &nbsp; &nbsp; &nbsp; &nbsp; <strong>Informatik<\/strong>&nbsp; &nbsp; &nbsp; &nbsp; &nbsp; &nbsp; &nbsp; &nbsp; &nbsp; &nbsp; &nbsp;<strong>Naturwissenschaften<\/strong>&nbsp; &nbsp; &nbsp; &nbsp; &nbsp; &nbsp; &nbsp; &nbsp; &nbsp; &nbsp; &nbsp; &nbsp; &nbsp; &nbsp; &nbsp; &nbsp; &nbsp; &nbsp; &nbsp;<strong>Technik<\/strong><\/p>\n\n\n<div class=\"su-row\">\n<div class=\"su-column su-column-size-1-4\"><div class=\"su-column-inner su-u-clearfix su-u-trim\"><span style=\"color: #ffffff;\">.<\/span><\/div><\/div>\n<div class=\"su-column su-column-size-1-4\"><div class=\"su-column-inner su-u-clearfix su-u-trim\"><span style=\"color: #ffffff;\">.<\/span><\/div><\/div>\n<div class=\"su-column su-column-size-1-4\"><div class=\"su-column-inner su-u-clearfix su-u-trim\">Biologie | Chemie | Physik<\/div><\/div>\n<div class=\"su-column su-column-size-1-4\"><div class=\"su-column-inner su-u-clearfix su-u-trim\"><span style=\"color: #ffffff;\">.<\/span><\/div><\/div>\n<\/div>\n\n\n\n<p>Das Armin-Knab-Gymnasium hat einen Schwerpunkt im Bereich MINT und f\u00f6rdert entsprechende Talente durch fachliche Vertiefung und praktische Anwendungen, insbesondere in biologischen, physikalischen und chemischen \u00dcbungen sowie in Wahlf\u00e4chern und Seminaren. Dabei nutzen wir hervorragend ausgestattete naturwissenschaftliche Sammlungen und unser hochwertig best\u00fccktes Sch\u00fclerlabor. Bei der Pflege zahlreicher Tiere und im Schulgarten mit Streuobstwiese k\u00f6nnen unsere Sch\u00fcler ihr Interesse an der Natur entdecken.<br><em>[Zitat aus unserem <a href=\"https:\/\/armin-knab-gymnasium.de\/Home\/leitbild\/leitbild-2\/\">Leitbild<\/a>]<\/em><\/p>\n\n\n<div class=\"su-tabs su-tabs-style-default su-tabs-mobile-stack\" data-active=\"1\" data-scroll-offset=\"0\" data-anchor-in-url=\"no\"><div class=\"su-tabs-nav\"><span class=\"\" data-url=\"\" data-target=\"blank\" tabindex=\"0\" role=\"button\">Individuelle F\u00f6rderung<\/span><span class=\"\" data-url=\"\" data-target=\"blank\" tabindex=\"0\" role=\"button\">Rahmenbedingungen<\/span><span class=\"\" data-url=\"\" data-target=\"blank\" tabindex=\"0\" role=\"button\">Outschool<\/span><span class=\"\" data-url=\"\" data-target=\"blank\" tabindex=\"0\" role=\"button\">Kooperationen<\/span><span class=\"\" data-url=\"\" data-target=\"blank\" tabindex=\"0\" role=\"button\">MINT-EC<\/span><span class=\"\" data-url=\"\" data-target=\"blank\" tabindex=\"0\" role=\"button\">MINT-Events<\/span><span class=\"\" data-url=\"\" data-target=\"blank\" tabindex=\"0\" role=\"button\">Fachschaften<\/span><\/div><div class=\"su-tabs-panes\"><div class=\"su-tabs-pane su-u-clearfix su-u-trim\" data-title=\"Individuelle F\u00f6rderung\">\n\n\n\n<p>Um unsere Sch\u00fclerinnen und Sch\u00fcler bestm\u00f6glich f\u00f6rdern zu k\u00f6nnen, haben wir unser MINT-Angebot in drei Bereiche modular aufgebaut:<\/p>\n\n\n<div class=\"su-column su-column-size-1-2 su-column-centered\"><div class=\"su-column-inner su-u-clearfix su-u-trim\">\n<style>\n\t#hotspot-8091 .hotspots-image-container,\n\t#hotspot-8091 .leaflet-container {\n\t\tbackground: #efefef\t}\n\n\t#hotspot-8091 .hotspots-placeholder {\n\t\tbackground: #2E2D29;\n\t\tborder: 0 #2E2D29 solid;\n\t\tcolor: #DFEBE5;\n\t}\n\n\t#hotspot-8091 .hotspot-title {\n\t\tcolor: #93C7A4;\n\t}\n\n\t\t\t#hotspot-8091 .hotspot-default {\n\t\t\tstroke-width: 4;\n\t\t\tfill: #ffffff;\n\t\t\tfill-opacity: 0;\n\t\t\tstroke: #ffffff;\n\t\t\tstroke-opacity: 0;\n\t\t}\n\t\t#hotspot-8091 .hotspot-default:hover,\n\t\t#hotspot-8091 .hotspot-default:focus-visible,\n\t\t#hotspot-8091 .hotspot-default.hotspot-active {\n\t\t\tfill: #ffffff;\n\t\t\tfill-opacity: 0.01;\n\t\t\tstroke: #000000;\n\t\t\tstroke-opacity: 1.01;\n\t\t}\n\t\t#hotspot-8091 .leaflet-tooltip,\n\t#hotspot-8091 .leaflet-rrose-content-wrapper {\n\t\tbackground: #2E2D29;\n\t\tborder-color: #2E2D29;\n\t\tcolor: #DFEBE5;\n\t}\n\n\t#hotspot-8091 a.leaflet-rrose-close-button {\n\t\tcolor: #93C7A4;\n\t}\n\n\t#hotspot-8091 .leaflet-rrose-tip {\n\t\tbackground: #2E2D29;\n\t}\n\n\t#hotspot-8091 .leaflet-popup-scrolled {\n\t\tborder-bottom-color: #DFEBE5;\n\t\tborder-top-color: #DFEBE5;\n\t}\n\n\t#hotspot-8091 .leaflet-tooltip-top:before {\n\t\tborder-top-color: #2E2D29;\n\t}\n\n\t#hotspot-8091 .leaflet-tooltip-bottom:before {\n\t\tborder-bottom-color: #2E2D29;\n\t}\n\t#hotspot-8091 .leaflet-tooltip-left:before {\n\t\tborder-left-color: #2E2D29;\n\t}\n\t#hotspot-8091 .leaflet-tooltip-right:before {\n\t\tborder-right-color: #2E2D29;\n\t}\n<\/style>\n\n\t\n\t<div class=\"hotspots-container links-only layout-left event-click\" id=\"hotspot-8091\" data-layout=\"left\" data-trigger=\"click\">\n\t\t<div class=\"hotspots-interaction\">\n\t\t\t<div class=\"hotspots-image-container\">\n\t<img\n\t\twidth=\"1066\"\n\t\theight=\"346\"\n\t\tsrc=\"https:\/\/armin-knab-gymnasium.de\/Home\/wp-content\/uploads\/2020\/04\/AKG_MINT-Module_V20.04.14.jpg\"\n\t\talt=\"MINT-EC &#8211; Bausteine\"\n\t\tclass=\"hotspots-image skip-lazy\"\n\t\tusemap=\"#hotspots-image-8091\"\n\t\tdata-image-title=\"MINT-EC &#8211; Bausteine\"\n\t\tdata-image-description=\"\"\n\t\tdata-event-trigger=\"click\"\n\t\tdata-always-visible=\"false\"\n\t\tdata-id=\"8091\"\n\t\tdata-no-lazy=\"1\"\n\t\tdata-lazy-src=\"\"\n\t\tdata-lazy=\"false\"\n\t\tloading=\"eager\"\n\t\tdata-skip-lazy=\"1\"\n\t\t>\n<\/div>\t\t<\/div>\n\t\t<map name=\"hotspots-image-8091\" class=\"hotspots-map\">\n\t\t\t\t\t\t\t\t\t\t\t<area\n\t\t\t\t\tshape=\"polygon\"\n\t\t\t\t\tcoords=\"2,3,474,3,474,121,274,120,237,143,202,120,2,120\"\n\t\t\t\t\thref=\"https:\/\/armin-knab-gymnasium.de\/Home\/mint\/zusatzmodule\/\"\n\t\t\t\t\trel=\"\"\n\t\t\t\t\ttitle=\"Zu den Zusatzmodulen\"\n\t\t\t\t\talt=\"Zu den Zusatzmodulen\"\n\t\t\t\t\tdata-action=\"url\"\n\t\t\t\t\tdata-color-scheme=\"\"\n\t\t\t\t\ttarget=\"\"\n\t\t\t\t\tclass=\"url-area\"\n\t\t\t\t\t>\n\t\t\t\t\t\t\t\t\t\t\t<area\n\t\t\t\t\tshape=\"polygon\"\n\t\t\t\t\tcoords=\"591,3,1064,3,1064,120,865,119,829,144,793,120,592,120,592,77,592,41\"\n\t\t\t\t\thref=\"https:\/\/armin-knab-gymnasium.de\/Home\/mint\/wettbewerbe\/\"\n\t\t\t\t\trel=\"\"\n\t\t\t\t\ttitle=\"Zu den Wettbewerben\"\n\t\t\t\t\talt=\"Zu den Wettbewerben\"\n\t\t\t\t\tdata-action=\"url\"\n\t\t\t\t\tdata-color-scheme=\"\"\n\t\t\t\t\ttarget=\"\"\n\t\t\t\t\tclass=\"url-area\"\n\t\t\t\t\t>\n\t\t\t\t\t\t\t\t\t\t\t<area\n\t\t\t\t\tshape=\"polygon\"\n\t\t\t\t\tcoords=\"201,168,201,168,238,193,274,168,792,169,829,193,865,168,1064,169,1065,342,3,341,3,168\"\n\t\t\t\t\thref=\"https:\/\/armin-knab-gymnasium.de\/Home\/mint\/basismodule\/\"\n\t\t\t\t\trel=\"\"\n\t\t\t\t\ttitle=\"Zu den Basismodulen\"\n\t\t\t\t\talt=\"Zu den Basismodulen\"\n\t\t\t\t\tdata-action=\"url\"\n\t\t\t\t\tdata-color-scheme=\"\"\n\t\t\t\t\ttarget=\"\"\n\t\t\t\t\tclass=\"url-area\"\n\t\t\t\t\t>\n\t\t\t\t\t<\/map>\n\n\t\t\n\t\t\t\t\t\t\t\t\t\t\t\t<\/div>\n\n<\/div><\/div>\n\n\n\n<p><span style=\"font-size: 1rem; text-align: center;\">Eine aktuelle \u00dcbersicht \u00fcber unser vielf\u00e4ltiges MINT-Angebot ist hier abrufbar:<\/span><\/p>\n\n\n<div class=\"su-row\">\n<div class=\"su-column su-column-size-1-2\"><div class=\"su-column-inner su-u-clearfix su-u-trim\">\n<p><a href=\"https:\/\/armin-knab-gymnasium.de\/Home\/wp-content\/uploads\/2024\/10\/AKG_MINT-Angebot_V240930.png\"><img loading=\"lazy\" decoding=\"async\" class=\"aligncenter wp-image-7939 size-full\" src=\"https:\/\/armin-knab-gymnasium.de\/Home\/wp-content\/uploads\/2024\/10\/AKG_MINT-Angebot_V240930.png\" alt=\"\" width=\"2560\" height=\"1795\" \/><\/a><\/p>\n<\/div><\/div>\n<div class=\"su-column su-column-size-1-2\"><div class=\"su-column-inner su-u-clearfix su-u-trim\">\n<p><a href=\"https:\/\/armin-knab-gymnasium.de\/Home\/wp-content\/uploads\/2024\/10\/AKG_Zusammenarbeit-im-MINT-Bereich_V_240930.png\"><img loading=\"lazy\" decoding=\"async\" class=\"aligncenter wp-image-7938 size-full\" src=\"https:\/\/armin-knab-gymnasium.de\/Home\/wp-content\/uploads\/2024\/10\/AKG_Zusammenarbeit-im-MINT-Bereich_V_240930.png\" alt=\"\" width=\"2560\" height=\"1795\" \/><\/a> <\/div><\/div>\n<\/div>\n\n\n\n<p>Sch\u00fclerinnen und Sch\u00fcler, die Fragen zum MINT-Konzept des Armin-Knab-Gymnasiums haben oder in unseren MINT-Mailverteiler aufgenommen werden m\u00f6chten, schreiben bitte eine <strong>Mail an Herrn Sagstetter<\/strong>. Sie bekommen dann in regelm\u00e4\u00dfigen Abst\u00e4nden einen Newsletter mit aktuellen Informationen zu anstehenden Wettbewerben, Aktionen, MINT-EC-Camps und Workshops.<\/p>\n\n\n\n<div class=\"wp-block-contact-form-7-contact-form-selector\">\n<div class=\"wpcf7 no-js\" id=\"wpcf7-f7925-o1\" lang=\"de-DE\" dir=\"ltr\" data-wpcf7-id=\"7925\">\n<div class=\"screen-reader-response\"><p role=\"status\" aria-live=\"polite\" aria-atomic=\"true\"><\/p> <ul><\/ul><\/div>\n<form action=\"\/Home\/wp-json\/wp\/v2\/pages\/7833#wpcf7-f7925-o1\" method=\"post\" class=\"wpcf7-form init\" aria-label=\"Kontaktformular\" novalidate=\"novalidate\" data-status=\"init\">\n<fieldset class=\"hidden-fields-container\"><input type=\"hidden\" name=\"_wpcf7\" value=\"7925\" \/><input type=\"hidden\" name=\"_wpcf7_version\" value=\"6.1.5\" \/><input type=\"hidden\" name=\"_wpcf7_locale\" value=\"de_DE\" \/><input type=\"hidden\" name=\"_wpcf7_unit_tag\" value=\"wpcf7-f7925-o1\" \/><input type=\"hidden\" name=\"_wpcf7_container_post\" value=\"0\" \/><input type=\"hidden\" name=\"_wpcf7_posted_data_hash\" value=\"\" \/>\n<\/fieldset>\n<p><label> Dein\/Ihr Name (Pflichtfeld)<br \/>\n<span class=\"wpcf7-form-control-wrap\" data-name=\"your-name\"><input size=\"40\" maxlength=\"400\" class=\"wpcf7-form-control wpcf7-text wpcf7-validates-as-required\" aria-required=\"true\" aria-invalid=\"false\" value=\"\" type=\"text\" name=\"your-name\" \/><\/span> <\/label>\n<\/p>\n<p><label> Deine\/Ihre E-Mail-Adresse (Pflichtfeld)<br \/>\n<span class=\"wpcf7-form-control-wrap\" data-name=\"your-email\"><input size=\"40\" maxlength=\"400\" class=\"wpcf7-form-control wpcf7-email wpcf7-validates-as-required wpcf7-text wpcf7-validates-as-email\" aria-required=\"true\" aria-invalid=\"false\" value=\"\" type=\"email\" name=\"your-email\" \/><\/span> <\/label>\n<\/p>\n<p><label> Betreff<br \/>\n<span class=\"wpcf7-form-control-wrap\" data-name=\"your-subject\"><input size=\"40\" maxlength=\"400\" class=\"wpcf7-form-control wpcf7-text\" aria-invalid=\"false\" value=\"\" type=\"text\" name=\"your-subject\" \/><\/span> <\/label>\n<\/p>\n<p><label> Deine\/Ihre Nachricht<br \/>\n<span class=\"wpcf7-form-control-wrap\" data-name=\"your-message\"><textarea cols=\"40\" rows=\"10\" maxlength=\"2000\" class=\"wpcf7-form-control wpcf7-textarea\" aria-invalid=\"false\" name=\"your-message\"><\/textarea><\/span> <\/label>\n<\/p>\n<p><span class=\"wpcf7-form-control-wrap\" data-name=\"quiz-858\"><label><span class=\"wpcf7-quiz-label\">Titel der Schule: Armin - ? - Gymnasium<\/span> <input size=\"40\" class=\"wpcf7-form-control wpcf7-quiz\" autocomplete=\"off\" aria-required=\"true\" aria-invalid=\"false\" type=\"text\" name=\"quiz-858\" \/><\/label><input type=\"hidden\" name=\"_wpcf7_quiz_answer_quiz-858\" value=\"da1b009fdd3b43b1a1c392ba25a9fb1e\" \/><\/span>\n<\/p>\n<p><input class=\"wpcf7-form-control wpcf7-submit has-spinner\" type=\"submit\" value=\"Senden\" \/>\n<\/p><div class=\"wpcf7-response-output\" aria-hidden=\"true\"><\/div>\n<\/form>\n<\/div>\n<\/div>\n\n\n\n<\/div>\n<div class=\"su-tabs-pane su-u-clearfix su-u-trim\" data-title=\"Rahmenbedingungen\">\n<p><strong>Rahmenbedingungen einer attraktiven Lern- und Entdeckungsumgebung<\/strong><\/p>\n<p>Eine Besonderheit des Armin-Knab-Gymnasiums in der Region ist das bestens ausgestattete schuleigene MINT-Sch\u00fclerlabor, welches sich in den letzten Jahren aus dem reinen <a href=\"https:\/\/armin-knab-gymnasium.de\/Home\/leitbild\/schuelerlabor\/\">GITUMA-Labor<\/a> [<strong>Gi<\/strong>e\u00dferei<strong>t<\/strong>echnik <strong>u<\/strong>nd <strong>M<\/strong>etallver<strong>a<\/strong>rbeitung] entwickelt hat. Aufgrund der vielf\u00e4ltig vorhandenen Ger\u00e4tschaften wie z.B. eines Rasterelektronenmikroskops, eines CO<sub>2<\/sub>-Lasers, eines R\u00f6ntgenger\u00e4tes sowie mehrerer 3D-Drucker l\u00e4dt es zum experimentellen Entdecken geradezu ein. Intern wird es intensiv durch verschiedene Arbeitsgemeinschaften genutzt. Es dient als kommunikativer Forschertreff, zur Lehrerfortbildung und ist ideal zur Wettbewerbsvorbereitung einsetzbar. Seit dem Schuljahr 2017\/18 werden dort schul\u00fcbergreifende Enrichmentkurse der Sch\u00fclerakademie mit externen G\u00e4sten abgehalten.<\/p>\n<p>F\u00fcr einen aktivierenden MINT-Unterricht k\u00f6nnen wir unseren Sch\u00fclerinnen und Sch\u00fclern noch Weiteres bieten:<\/p>\n<ul>\n<li>Seit 2010 neue r\u00e4umliche Ausstattung der Biologie-, Chemie- und Physikr\u00e4ume nach einer umfassenden Generalsanierung des Gymnasiums<\/li>\n<li>Umfangreiche Sammlungen in den Naturwissenschaften (z. B. besondere Experimentierk\u00e4sten, Computer-Messwerterfassung mit Daten\u00fcbertragung auf Tablets bzw. Smartphones).<\/li>\n<li>Auf breiter Basis genutztes E-Learningsystem MEBIS<\/li>\n<li>Nutzung von zwei neu ausgestatteten Informatikr\u00e4umen<\/li>\n<li>Gesicherter Zugang aller Sch\u00fclerinnen und Sch\u00fcler auf gespeicherte pers\u00f6nliche Daten in der Schule aus<\/li>\n<li>Bereitstellung von zw\u00f6lf Laptops zum Verleih an Sch\u00fclerinnen und Sch\u00fcler f\u00fcr die MINT-F\u00e4cher (Visualisierung von naturwissenschaftlichen Ph\u00e4nomenen, digitale Messwerterfassung und Datenauswertung)<\/li>\n<\/ul>\n<\/div>\n<div class=\"su-tabs-pane su-u-clearfix su-u-trim\" data-title=\"Outschool\">\n<p><strong>Fahrten und Exkursionen<\/strong><\/p>\n<p>Um die Pers\u00f6nlichkeit unserer Jugendlichen zu st\u00e4rken und zu entwickeln, haben wir ein zielf\u00fchrendes Angebot zur Berufs- und Studienorientierung ausgearbeitet. Fahrten und Exkursionen wecken die Neugierde und f\u00f6rdern das Interesse unserer Sch\u00fclerinnen und Sch\u00fcler an Unbekanntem.<\/p>\n<ul>\n<li>Regelm\u00e4\u00dfige Aufenthalte der Jahrgangsstufe 5 im Schullandheim Bauersberg mit Schwerpunkt in der Naturp\u00e4dagogik<\/li>\n<li>Erlebnisp\u00e4dagogik in der Jahrgangsstufe 8<\/li>\n<li>Regelm\u00e4\u00dfige Teilnahme an Lehr-Lern-Angeboten des MIND-Centers der Universit\u00e4t W\u00fcrzburg<\/li>\n<li>Besuch der Gie\u00dfereifachmesse GIFA in D\u00fcsseldorf<\/li>\n<li>J\u00e4hrliche Exkursionen ins Gas- und Dampfkraftwerk von N-ERGIE nach N\u00fcrnberg<\/li>\n<li>Fahrten der Physik-Oberstufenkurse ins Max-Planck-Institut f\u00fcr Plasmaphysik nach Garching<\/li>\n<\/ul>\n<\/div>\n<div class=\"su-tabs-pane su-u-clearfix su-u-trim\" data-title=\"Kooperationen\">\n<p>Damit unsere Bestrebungen zur MINT-Nachwuchsf\u00f6rderung gelingen und auf Dauer nachhaltig sind, bedarf es starker und zuverl\u00e4ssiger Partner. Daher sind wir mit zahlreichen Bildungseinrichtungen, Unternehmen, Betrieben und Stiftungen in einem regionalen Netzwerk eingebunden.<\/p>\n<ul>\n<li>Zusammenarbeit mit den Grundschulen in Kitzingen (z.B. K\u00fckennacht)<\/li>\n<li>Kooperations-Veranstaltungen mit der Realschule (z.B. 24 Stunden Mathematik)<\/li>\n<li>Kooperation mit der Universit\u00e4t W\u00fcrzburg und der Fachhochschule W\u00fcrzburg-Schweinfurt (z.B. Besuch des MIND-Centers, Uni@School, usw.)<\/li>\n<li>Teilnahme am Hochschulinformationstag in W\u00fcrzburg<\/li>\n<li>J\u00e4hrlicher Berufs- und Informationstag am AKG<\/li>\n<li>Betriebsbesichtigungen bei der Knauf Gips AG und Franken Guss GmbH &amp; Co. KG<\/li>\n<li>Finanzielle Unterst\u00fctzung durch die LEADER-F\u00f6rderung, die Wilhelm und Else HERAEUS-Stiftung, die R\u00dcTGERS-Stiftung, die Sparkassenstiftung sowie die Bezirksgruppe W\u00fcrzburg des Vereins Deutscher Ingenieure<\/li>\n<\/ul>\n<p>Des Weiteren arbeiten wir mit dem Elternbeirat und dem Verein der Freunde des Armin-Knab-Gymnasiums eng zusammen.<\/p>\n<\/div>\n<div class=\"su-tabs-pane su-u-clearfix su-u-trim\" data-title=\"MINT-EC\">\n<p><strong>MINT-EC-Netzwerk<\/strong><\/p>\n<p>Seit 2016 ist das Armin-Knab-Gymnasium Mitglied im bundesweiten MINT-EC-Netzwerk. <a href=\"https:\/\/www.mint-ec.de\/\" target=\"_blank\" rel=\"https:\/\/www.mint-ec.de\/ noopener noreferrer\"><img loading=\"lazy\" decoding=\"async\" class=\"alignright wp-image-7880\" src=\"https:\/\/armin-knab-gymnasium.de\/Home\/wp-content\/uploads\/2020\/04\/mintec-300x161.jpg\" alt=\"\" width=\"164\" height=\"88\" srcset=\"https:\/\/armin-knab-gymnasium.de\/Home\/wp-content\/uploads\/2020\/04\/mintec-300x161.jpg 300w, https:\/\/armin-knab-gymnasium.de\/Home\/wp-content\/uploads\/2020\/04\/mintec-624x336.jpg 624w, https:\/\/armin-knab-gymnasium.de\/Home\/wp-content\/uploads\/2020\/04\/mintec.jpg 768w\" sizes=\"auto, (max-width: 164px) 100vw, 164px\" \/><\/a>Dadurch haben unsere Sch\u00fclerinnen und Sch\u00fcler sowie die Lehrkr\u00e4fte zus\u00e4tzliche Optionen, sich Einblicke in die aktuelle Forschung und die Arbeitswelt zu verschaffen. Das nationale Excellence-Netzwerk bietet hierzu vielf\u00e4ltige und erstklassige Veranstaltungen (<a href=\"https:\/\/www.mint-ec.de\/veranstaltungen.html\">https:\/\/www.mint-ec.de\/veranstaltungen.html<\/a>) an. Diese Foren, Workshops und Camps sind einerseits Orte des gegenseitigen Austausches und Vernetzens mit Sch\u00fclerinnen und Sch\u00fclern oder Kollegen aus anderen MINT-EC-Schulen. Andererseits dienen sie zur aktiven und nachhaltigen F\u00f6rderung des MINT-Nachwuchses.<\/p>\n<p>Aufgrund unseres Status in diesem Netzwerk d\u00fcrfen wir das begehrte MINT-EC-Zertifikat vergeben. Mit diesem Zertifikat erh\u00e4lt man erstens eine besondere Auszeichnung f\u00fcr sein schulisches und au\u00dferschulisches Engagement im MINT-Bereich. Zweitens wertet man durch die im Zertifikat dokumentierten Leistungen seine Bewerbungsunterlagen f\u00fcr Stipendien an Universit\u00e4ten und Fachhochschulen oder zur Einstellung in Unternehmen und Betrieben deutlich auf.<\/p>\n<p>Insbesondere wird dies dadurch gew\u00e4hrleistet, dass das Zertifikat durch den Verein MINT-EC getragen und durch die St\u00e4ndige Konferenz der Kultusminister der L\u00e4nder (KMK), die Hochschulrektorenkonferenz (HRK), die Fakult\u00e4tentage der Ingenieurwissenschaften und der Informatik an Universit\u00e4ten (4ING), sowie die Bundesvereinigung der Arbeitgeberverb\u00e4nde (BDA) und den Arbeitgeberverband Gesamtmetall unterst\u00fctzt wird.<\/p>\n<div class=\"su-row\">\n<div class=\"su-column su-column-size-1-2\"><div class=\"su-column-inner su-u-clearfix su-u-trim\">\n<div class=\"su-accordion su-u-trim\">\n<div class=\"su-spoiler su-spoiler-style-fancy su-spoiler-icon-chevron su-spoiler-closed\" data-scroll-offset=\"0\" data-anchor-in-url=\"no\"><div class=\"su-spoiler-title\" tabindex=\"0\" role=\"button\"><span class=\"su-spoiler-icon\"><\/span><strong>Wo<\/strong> bekomme ich die Antragsunterlagen?<\/div><div class=\"su-spoiler-content su-u-clearfix su-u-trim\">\n<p>Die Antragsformulare k\u00f6nnen eigenst\u00e4ndig heruntergeladen und ausgef\u00fcllt werden:<\/p>\n<ul>\n<li><a href=\"https:\/\/www.mint-ec.de\/fileadmin\/content\/schriftenreihe_pdfs\/mint-ec-zertifikat_2016.pdf\">Vergaberegeln<\/a> f\u00fcr das MINT-EC-Zertifikat (Version: 2016)<\/li>\n<li><a href=\"https:\/\/www.mint-ec.de\/fileadmin\/content\/dokumente_Zertifikat_oeffentlich\/Schu%CC%88lerheft_zur_Dokumentation.pdf\" target=\"_blank\" rel=\"noopener noreferrer\">Sch\u00fclerheft<\/a> f\u00fcr die pers\u00f6nliche Dokumentation der MINT-Aktivit\u00e4ten<\/li>\n<li><a href=\"https:\/\/www.mint-ec.de\/fileadmin\/content\/dokumente_Zertifikat_oeffentlich\/antrag_f%C3%BCr_sus.pdf\" target=\"_blank\" rel=\"noopener noreferrer\">Antragsformular<\/a> f\u00fcr das MINT-EC-Zertifikat<\/li>\n<li><a href=\"https:\/\/www.mint-ec.de\/fileadmin\/content\/dokumente_Zertifikat_oeffentlich\/Formblatt_zur_Auflsitung_der_Aktivita%CC%88ten.pdf\" target=\"_blank\" rel=\"noopener noreferrer\">Formular zur Auflistung der Aktivit\u00e4ten<\/a><\/li>\n<li><a href=\"https:\/\/www.mint-ec.de\/fileadmin\/content\/dokumente_Zertifikat_oeffentlich\/Tabelle_Zertifikatstufen.pdf\" target=\"_blank\" rel=\"noopener noreferrer\">\u00dcbersicht der Anforderungsfelder zur Vergabe &#8211; Tabelle<\/a><\/li>\n<\/ul>\n<\/div><\/div>\n<div class=\"su-spoiler su-spoiler-style-fancy su-spoiler-icon-chevron su-spoiler-closed\" data-scroll-offset=\"0\" data-anchor-in-url=\"no\"><div class=\"su-spoiler-title\" tabindex=\"0\" role=\"button\"><span class=\"su-spoiler-icon\"><\/span><strong>Wer<\/strong> kann das MINT-Zertifikat beantragen?<\/div><div class=\"su-spoiler-content su-u-clearfix su-u-trim\">Alle Sch\u00fclerinnen und Sch\u00fcler des aktuellen Abiturjahrgangs.<\/div><\/div>\n<div class=\"su-spoiler su-spoiler-style-fancy su-spoiler-icon-chevron su-spoiler-closed\" data-scroll-offset=\"0\" data-anchor-in-url=\"no\"><div class=\"su-spoiler-title\" tabindex=\"0\" role=\"button\"><span class=\"su-spoiler-icon\"><\/span><strong>Wann<\/strong> muss ich den Antrag abgeben?<\/div><div class=\"su-spoiler-content su-u-clearfix su-u-trim\">Sp\u00e4testens am letzten Schultag vor den Osterferien in der Q12 im Oberstufenb\u00fcro oder bei Herrn Sagstetter.<\/div><\/div>\n<div class=\"su-spoiler su-spoiler-style-fancy su-spoiler-icon-chevron su-spoiler-closed\" data-scroll-offset=\"0\" data-anchor-in-url=\"no\"><div class=\"su-spoiler-title\" tabindex=\"0\" role=\"button\"><span class=\"su-spoiler-icon\"><\/span><strong>Was<\/strong> ist zu beachten?<\/div><div class=\"su-spoiler-content su-u-clearfix su-u-trim\">Das fr\u00fchzeitige und regelm\u00e4\u00dfige Sammeln der Nachweise und Unterlagen schon ab der 5. Jahrgangsstufe (!) erleichtert die Antragstellung am Ende der Schulzeit enorm. Alle Urkunden, Bescheinigungen \u00fcber MINT-Wettbewerbsteilnahmen oder andere MINT-Aktivit\u00e4ten in der Sekundarstufe I und II sollten sorgf\u00e4ltig aufbewahrt werden. Es w\u00e4re schade, wenn die Vergabe des Zertifikates an den fehlenden Nachweisen scheitern w\u00fcrde.<\/div><\/div>\n<div class=\"su-spoiler su-spoiler-style-fancy su-spoiler-icon-chevron su-spoiler-closed\" data-scroll-offset=\"0\" data-anchor-in-url=\"no\"><div class=\"su-spoiler-title\" tabindex=\"0\" role=\"button\"><span class=\"su-spoiler-icon\"><\/span><strong>Wen<\/strong> kann ich ansprechen?<\/div><div class=\"su-spoiler-content su-u-clearfix su-u-trim\"> Fragen zum MINT-Zertifikat beantworten die Oberstufenkoordinatoren Herr Barth und Herr Nehling bzw. der MINT-Koordinator Herr Sagstetter.<\/div><\/div>\n<\/div>\n<\/div><\/div>\n<div class=\"su-column su-column-size-1-2\"><div class=\"su-column-inner su-u-clearfix su-u-trim\">\n<p><a href=\"https:\/\/armin-knab-gymnasium.de\/Home\/wp-content\/uploads\/2020\/04\/zertifikat.jpg\"><img loading=\"lazy\" decoding=\"async\" class=\" wp-image-7881 aligncenter\" src=\"https:\/\/armin-knab-gymnasium.de\/Home\/wp-content\/uploads\/2020\/04\/zertifikat-211x300.jpg\" alt=\"\" width=\"234\" height=\"333\" srcset=\"https:\/\/armin-knab-gymnasium.de\/Home\/wp-content\/uploads\/2020\/04\/zertifikat-211x300.jpg 211w, https:\/\/armin-knab-gymnasium.de\/Home\/wp-content\/uploads\/2020\/04\/zertifikat.jpg 590w\" sizes=\"auto, (max-width: 234px) 100vw, 234px\" \/><\/a><\/p>\n<\/div><\/div>\n<\/div>\n<p><span style=\"font-size: 1rem;\"><\/div>\n<div class=\"su-tabs-pane su-u-clearfix su-u-trim\" data-title=\"MINT-Events\">\n<p>Als Anwartsschule f\u00fcr MINT-EC nehmen unsere Sch\u00fclerinnen und Sch\u00fcler an zahlreichen Veranstaltungen zum Thema MINT teil:<\/p>\n\n\n<div class=\"su-posts su-posts-default-loop \">\n\n\t\n\t\t\t\t\t\n\t\t\t\n\t\t\t<div id=\"su-post-17858\" class=\"su-post \">\n\n\t\t\t\t\t\t\t\t\t<a class=\"su-post-thumbnail\" href=\"https:\/\/armin-knab-gymnasium.de\/Home\/2026\/03\/16\/armin-knab-gymnasium-mit-starken-platzierungen-beim-schuelerwettbewerb-junior-ing\/\"><img loading=\"lazy\" decoding=\"async\" width=\"624\" height=\"416\" src=\"https:\/\/armin-knab-gymnasium.de\/Home\/wp-content\/uploads\/2026\/03\/AK1_2Platz_Yin_Yang_Arena_von_Jaron-624x416.jpg\" class=\"attachment-post-thumbnail size-post-thumbnail wp-post-image\" alt=\"\" srcset=\"https:\/\/armin-knab-gymnasium.de\/Home\/wp-content\/uploads\/2026\/03\/AK1_2Platz_Yin_Yang_Arena_von_Jaron-624x416.jpg 624w, https:\/\/armin-knab-gymnasium.de\/Home\/wp-content\/uploads\/2026\/03\/AK1_2Platz_Yin_Yang_Arena_von_Jaron-300x200.jpg 300w, https:\/\/armin-knab-gymnasium.de\/Home\/wp-content\/uploads\/2026\/03\/AK1_2Platz_Yin_Yang_Arena_von_Jaron-1024x683.jpg 1024w, https:\/\/armin-knab-gymnasium.de\/Home\/wp-content\/uploads\/2026\/03\/AK1_2Platz_Yin_Yang_Arena_von_Jaron-768x512.jpg 768w, https:\/\/armin-knab-gymnasium.de\/Home\/wp-content\/uploads\/2026\/03\/AK1_2Platz_Yin_Yang_Arena_von_Jaron-1536x1024.jpg 1536w, https:\/\/armin-knab-gymnasium.de\/Home\/wp-content\/uploads\/2026\/03\/AK1_2Platz_Yin_Yang_Arena_von_Jaron.jpg 1920w\" sizes=\"auto, (max-width: 624px) 100vw, 624px\" \/><\/a>\n\t\t\t\t\n\t\t\t\t<h2 class=\"su-post-title\"><a href=\"https:\/\/armin-knab-gymnasium.de\/Home\/2026\/03\/16\/armin-knab-gymnasium-mit-starken-platzierungen-beim-schuelerwettbewerb-junior-ing\/\">Armin-Knab-Gymnasium mit starken Platzierungen beim Sch\u00fclerwettbewerb \u201eJunior.ING\u201c<\/a><\/h2>\n\n\t\t\t\t<div class=\"su-post-meta\">\n\t\t\t\t\tVer\u00f6ffentlicht: 16. M\u00e4rz 2026\t\t\t\t<\/div>\n\n\t\t\t\t<div class=\"su-post-excerpt\">\n\t\t\t\t\t<p>\u00a0Gro\u00dfe Freude am Armin-Knab-Gymnasium: Bei der diesj\u00e4hrigen Preisverleihung des Sch\u00fclerwettbewerbs \u201eJunior.ING\u201c der Bayerische Ingenieurekammer-Bau am Donnerstag, den 12. M\u00e4rz 2026, konnten gleich zwei Teams der Schule beachtliche Erfolge erzielen. Besonders&#8230; <a href=\"https:\/\/armin-knab-gymnasium.de\/Home\/2026\/03\/16\/armin-knab-gymnasium-mit-starken-platzierungen-beim-schuelerwettbewerb-junior-ing\/\">weiterlesen &raquo;<\/a><\/p>\n\t\t\t\t<\/div>\n\n\t\t\t\t\n\t\t\t<\/div>\n\n\t\t\t\t\t\n\t\t\t\n\t\t\t<div id=\"su-post-17811\" class=\"su-post \">\n\n\t\t\t\t\t\t\t\t\t<a class=\"su-post-thumbnail\" href=\"https:\/\/armin-knab-gymnasium.de\/Home\/2026\/03\/05\/toller-erfolg-fuer-das-armin-knab-gymnasium-beim-internationalen-mathematik-teamwettbewerb-bolyai\/\"><img loading=\"lazy\" decoding=\"async\" width=\"624\" height=\"434\" src=\"https:\/\/armin-knab-gymnasium.de\/Home\/wp-content\/uploads\/2026\/03\/DSC_0035a-624x434.jpg\" class=\"attachment-post-thumbnail size-post-thumbnail wp-post-image\" alt=\"\" srcset=\"https:\/\/armin-knab-gymnasium.de\/Home\/wp-content\/uploads\/2026\/03\/DSC_0035a-624x434.jpg 624w, https:\/\/armin-knab-gymnasium.de\/Home\/wp-content\/uploads\/2026\/03\/DSC_0035a-300x209.jpg 300w, https:\/\/armin-knab-gymnasium.de\/Home\/wp-content\/uploads\/2026\/03\/DSC_0035a-1024x713.jpg 1024w, https:\/\/armin-knab-gymnasium.de\/Home\/wp-content\/uploads\/2026\/03\/DSC_0035a-768x535.jpg 768w, https:\/\/armin-knab-gymnasium.de\/Home\/wp-content\/uploads\/2026\/03\/DSC_0035a-1536x1070.jpg 1536w, https:\/\/armin-knab-gymnasium.de\/Home\/wp-content\/uploads\/2026\/03\/DSC_0035a-2048x1426.jpg 2048w\" sizes=\"auto, (max-width: 624px) 100vw, 624px\" \/><\/a>\n\t\t\t\t\n\t\t\t\t<h2 class=\"su-post-title\"><a href=\"https:\/\/armin-knab-gymnasium.de\/Home\/2026\/03\/05\/toller-erfolg-fuer-das-armin-knab-gymnasium-beim-internationalen-mathematik-teamwettbewerb-bolyai\/\">Toller Erfolg f\u00fcr das Armin-Knab-Gymnasium beim internationalen Mathematik-Teamwettbewerb \u201eBolyai\u201c<\/a><\/h2>\n\n\t\t\t\t<div class=\"su-post-meta\">\n\t\t\t\t\tVer\u00f6ffentlicht: 5. M\u00e4rz 2026\t\t\t\t<\/div>\n\n\t\t\t\t<div class=\"su-post-excerpt\">\n\t\t\t\t\t<p>Das Armin-Knab-Gymnasium kann in diesem Jahr auf herausragende Ergebnisse beim internationalen Mathematik-Teamwettbewerb \u201eBolyai\u201c blicken. Gleich zwei Teams der Schule erzielten Spitzenplatzierungen und stellten damit eindrucksvoll ihr mathematisches K\u00f6nnen sowie ihre&#8230; <a href=\"https:\/\/armin-knab-gymnasium.de\/Home\/2026\/03\/05\/toller-erfolg-fuer-das-armin-knab-gymnasium-beim-internationalen-mathematik-teamwettbewerb-bolyai\/\">weiterlesen &raquo;<\/a><\/p>\n\t\t\t\t<\/div>\n\n\t\t\t\t\n\t\t\t<\/div>\n\n\t\t\t\t\t\n\t\t\t\n\t\t\t<div id=\"su-post-17768\" class=\"su-post \">\n\n\t\t\t\t\t\t\t\t\t<a class=\"su-post-thumbnail\" href=\"https:\/\/armin-knab-gymnasium.de\/Home\/2026\/02\/13\/zukunft\/\"><img loading=\"lazy\" decoding=\"async\" width=\"624\" height=\"302\" src=\"https:\/\/armin-knab-gymnasium.de\/Home\/wp-content\/uploads\/2026\/02\/Zukunft-mitgemacht_neu_2-624x302.jpg\" class=\"attachment-post-thumbnail size-post-thumbnail wp-post-image\" alt=\"\" srcset=\"https:\/\/armin-knab-gymnasium.de\/Home\/wp-content\/uploads\/2026\/02\/Zukunft-mitgemacht_neu_2-624x302.jpg 624w, https:\/\/armin-knab-gymnasium.de\/Home\/wp-content\/uploads\/2026\/02\/Zukunft-mitgemacht_neu_2-300x145.jpg 300w, https:\/\/armin-knab-gymnasium.de\/Home\/wp-content\/uploads\/2026\/02\/Zukunft-mitgemacht_neu_2-1024x496.jpg 1024w, https:\/\/armin-knab-gymnasium.de\/Home\/wp-content\/uploads\/2026\/02\/Zukunft-mitgemacht_neu_2-768x372.jpg 768w, https:\/\/armin-knab-gymnasium.de\/Home\/wp-content\/uploads\/2026\/02\/Zukunft-mitgemacht_neu_2-1536x744.jpg 1536w, https:\/\/armin-knab-gymnasium.de\/Home\/wp-content\/uploads\/2026\/02\/Zukunft-mitgemacht_neu_2.jpg 1873w\" sizes=\"auto, (max-width: 624px) 100vw, 624px\" \/><\/a>\n\t\t\t\t\n\t\t\t\t<h2 class=\"su-post-title\"><a href=\"https:\/\/armin-knab-gymnasium.de\/Home\/2026\/02\/13\/zukunft\/\">Maker Space am AKG \u2013 F\u00f6rderung durch die Initiative &#8222;Zukunft mitgemacht&#8220;<\/a><\/h2>\n\n\t\t\t\t<div class=\"su-post-meta\">\n\t\t\t\t\tVer\u00f6ffentlicht: 13. Februar 2026\t\t\t\t<\/div>\n\n\t\t\t\t<div class=\"su-post-excerpt\">\n\t\t\t\t\t<p>Die Initiative &#8222;Zukunft mitgemacht&#8220; ist eine Gemeinschaftsaktion des Deutschen Kinderhilfswerks, ROSSMANN und Procter &amp; Gamble.&nbsp; Durch eine gro\u00dfz\u00fcgige F\u00f6rderung wurde der weitere Ausbau eines Maker Space erm\u00f6glicht, ein Arbeitsraum, in&#8230; <a href=\"https:\/\/armin-knab-gymnasium.de\/Home\/2026\/02\/13\/zukunft\/\">weiterlesen &raquo;<\/a><\/p>\n\t\t\t\t<\/div>\n\n\t\t\t\t\n\t\t\t<\/div>\n\n\t\t\t\t\t\n\t\t\t\n\t\t\t<div id=\"su-post-17688\" class=\"su-post \">\n\n\t\t\t\t\t\t\t\t\t<a class=\"su-post-thumbnail\" href=\"https:\/\/armin-knab-gymnasium.de\/Home\/2025\/12\/19\/mathematik-talente-am-akg\/\"><img loading=\"lazy\" decoding=\"async\" width=\"624\" height=\"536\" src=\"https:\/\/armin-knab-gymnasium.de\/Home\/wp-content\/uploads\/2025\/12\/2026_MOBY-624x536.jpg\" class=\"attachment-post-thumbnail size-post-thumbnail wp-post-image\" alt=\"\" srcset=\"https:\/\/armin-knab-gymnasium.de\/Home\/wp-content\/uploads\/2025\/12\/2026_MOBY-624x536.jpg 624w, https:\/\/armin-knab-gymnasium.de\/Home\/wp-content\/uploads\/2025\/12\/2026_MOBY-300x258.jpg 300w, https:\/\/armin-knab-gymnasium.de\/Home\/wp-content\/uploads\/2025\/12\/2026_MOBY-1024x879.jpg 1024w, https:\/\/armin-knab-gymnasium.de\/Home\/wp-content\/uploads\/2025\/12\/2026_MOBY-768x659.jpg 768w, https:\/\/armin-knab-gymnasium.de\/Home\/wp-content\/uploads\/2025\/12\/2026_MOBY-1536x1318.jpg 1536w, https:\/\/armin-knab-gymnasium.de\/Home\/wp-content\/uploads\/2025\/12\/2026_MOBY-2048x1758.jpg 2048w\" sizes=\"auto, (max-width: 624px) 100vw, 624px\" \/><\/a>\n\t\t\t\t\n\t\t\t\t<h2 class=\"su-post-title\"><a href=\"https:\/\/armin-knab-gymnasium.de\/Home\/2025\/12\/19\/mathematik-talente-am-akg\/\">Mathematik-Talente am AKG<\/a><\/h2>\n\n\t\t\t\t<div class=\"su-post-meta\">\n\t\t\t\t\tVer\u00f6ffentlicht: 19. Dezember 2025\t\t\t\t<\/div>\n\n\t\t\t\t<div class=\"su-post-excerpt\">\n\t\t\t\t\t<p>Starke Ergebnisse bei verschiedenen Mathematik-Wettbewerben Die bayerische Mathematik-Olympiade MOBY feiert in diesem Jahr ihre 65. Auflage und das AKG war erneut mit gro\u00dfem Engagement vertreten: 24 mathematikbegeisterte Sch\u00fclerinnen und Sch\u00fcler&#8230; <a href=\"https:\/\/armin-knab-gymnasium.de\/Home\/2025\/12\/19\/mathematik-talente-am-akg\/\">weiterlesen &raquo;<\/a><\/p>\n\t\t\t\t<\/div>\n\n\t\t\t\t\n\t\t\t<\/div>\n\n\t\t\t\t\t\n\t\t\t\n\t\t\t<div id=\"su-post-17662\" class=\"su-post \">\n\n\t\t\t\t\t\t\t\t\t<a class=\"su-post-thumbnail\" href=\"https:\/\/armin-knab-gymnasium.de\/Home\/2025\/12\/10\/schueler-beweisen-erfindergeist\/\"><img loading=\"lazy\" decoding=\"async\" width=\"624\" height=\"936\" src=\"https:\/\/armin-knab-gymnasium.de\/Home\/wp-content\/uploads\/2025\/12\/EggRace_2025_Werbung_2-624x936.png\" class=\"attachment-post-thumbnail size-post-thumbnail wp-post-image\" alt=\"\" srcset=\"https:\/\/armin-knab-gymnasium.de\/Home\/wp-content\/uploads\/2025\/12\/EggRace_2025_Werbung_2-624x936.png 624w, https:\/\/armin-knab-gymnasium.de\/Home\/wp-content\/uploads\/2025\/12\/EggRace_2025_Werbung_2-200x300.png 200w, https:\/\/armin-knab-gymnasium.de\/Home\/wp-content\/uploads\/2025\/12\/EggRace_2025_Werbung_2-683x1024.png 683w, https:\/\/armin-knab-gymnasium.de\/Home\/wp-content\/uploads\/2025\/12\/EggRace_2025_Werbung_2-768x1152.png 768w, https:\/\/armin-knab-gymnasium.de\/Home\/wp-content\/uploads\/2025\/12\/EggRace_2025_Werbung_2.png 1024w\" sizes=\"auto, (max-width: 624px) 100vw, 624px\" \/><\/a>\n\t\t\t\t\n\t\t\t\t<h2 class=\"su-post-title\"><a href=\"https:\/\/armin-knab-gymnasium.de\/Home\/2025\/12\/10\/schueler-beweisen-erfindergeist\/\">Sch\u00fcler beweisen Erfindergeist<\/a><\/h2>\n\n\t\t\t\t<div class=\"su-post-meta\">\n\t\t\t\t\tVer\u00f6ffentlicht: 10. Dezember 2025\t\t\t\t<\/div>\n\n\t\t\t\t<div class=\"su-post-excerpt\">\n\t\t\t\t\t<p>Kreativ-Wettbewerb der Physiklehrer begeistert am Armin-Knab-Gymnasium Mit gro\u00dfer Begeisterung und beeindruckender Kreativit\u00e4t haben die Sch\u00fclerinnen und Sch\u00fcler des Armin-Knab-Gymnasiums am diesj\u00e4hrigen physikalischen Technik-Wettbewerb teilgenommen. Die Aufgabe, die die Physiklehrer traditionell&#8230; <a href=\"https:\/\/armin-knab-gymnasium.de\/Home\/2025\/12\/10\/schueler-beweisen-erfindergeist\/\">weiterlesen &raquo;<\/a><\/p>\n\t\t\t\t<\/div>\n\n\t\t\t\t\n\t\t\t<\/div>\n\n\t\t\n\t\n<\/div>\n\n<\/div>\n<div class=\"su-tabs-pane su-u-clearfix su-u-trim\" data-title=\"Fachschaften\">\n<p>Hier geht es zu den Seiten der einzelnen MINT-Fachschaften:<\/p>\n<ul class=\"su-subpages\"><li class=\"page_item page-item-368\"><a href=\"https:\/\/armin-knab-gymnasium.de\/Home\/unterricht\/fachbereiche\/mint\/biologie\/\">Biologie<\/a><\/li>\n<li class=\"page_item page-item-43\"><a href=\"https:\/\/armin-knab-gymnasium.de\/Home\/unterricht\/fachbereiche\/mint\/physik-2\/\">Chemie<\/a><\/li>\n<li class=\"page_item page-item-122\"><a href=\"https:\/\/armin-knab-gymnasium.de\/Home\/unterricht\/fachbereiche\/mint\/informatik\/\">Informatik<\/a><\/li>\n<li class=\"page_item page-item-19\"><a href=\"https:\/\/armin-knab-gymnasium.de\/Home\/unterricht\/fachbereiche\/mint\/mathematik\/\">Mathematik<\/a><\/li>\n<li class=\"page_item page-item-641\"><a href=\"https:\/\/armin-knab-gymnasium.de\/Home\/unterricht\/fachbereiche\/mint\/natur-und-technik\/\">Natur und Technik<\/a><\/li>\n<li class=\"page_item page-item-7\"><a href=\"https:\/\/armin-knab-gymnasium.de\/Home\/unterricht\/fachbereiche\/mint\/physik\/\">Physik<\/a><\/li>\n<\/ul>\n<\/div><\/div><\/div>\n","protected":false},"excerpt":{"rendered":"<p>&nbsp; &nbsp; &nbsp; &nbsp; &nbsp; &nbsp; &nbsp; &nbsp; &nbsp; &nbsp; &nbsp; &nbsp; &nbsp; &nbsp;Mathematik&nbsp; &nbsp; &nbsp; &nbsp; &nbsp; &nbsp; &nbsp; &nbsp; &nbsp; &nbsp; &nbsp; &nbsp; &nbsp; &nbsp; &nbsp; &nbsp; &nbsp;&#8230; <a href=\"https:\/\/armin-knab-gymnasium.de\/Home\/2025\/12\/10\/schueler-beweisen-erfindergeist\/\">weiterlesen &raquo;<\/a><\/p>\n","protected":false},"author":3,"featured_media":0,"parent":0,"menu_order":14,"comment_status":"closed","ping_status":"closed","template":"page-templates\/full-width.php","meta":{"ghostkit_customizer_options":"","ghostkit_custom_css":"","ghostkit_custom_js_head":"","ghostkit_custom_js_foot":"","ghostkit_typography":"","footnotes":""},"coauthors":[35,149],"class_list":["post-7833","page","type-page","status-publish","hentry"],"yoast_head":"<!-- This site is optimized with the Yoast SEO plugin v27.5 - https:\/\/yoast.com\/product\/yoast-seo-wordpress\/ -->\n<title>MINT - Armin-Knab-Gymnasium Kitzingen<\/title>\n<meta name=\"robots\" content=\"index, follow, max-snippet:-1, max-image-preview:large, max-video-preview:-1\" \/>\n<link rel=\"canonical\" href=\"https:\/\/armin-knab-gymnasium.de\/Home\/mint\/\" \/>\n<meta property=\"og:locale\" content=\"de_DE\" \/>\n<meta property=\"og:type\" content=\"article\" \/>\n<meta property=\"og:title\" content=\"MINT - Armin-Knab-Gymnasium Kitzingen\" \/>\n<meta property=\"og:description\" content=\"&nbsp; &nbsp; &nbsp; &nbsp; &nbsp; &nbsp; &nbsp; &nbsp; &nbsp; &nbsp; &nbsp; &nbsp; &nbsp; &nbsp;Mathematik&nbsp; &nbsp; &nbsp; &nbsp; &nbsp; &nbsp; &nbsp; &nbsp; &nbsp; &nbsp; &nbsp; &nbsp; &nbsp; &nbsp; &nbsp; &nbsp; &nbsp;... weiterlesen &raquo;\" \/>\n<meta property=\"og:url\" content=\"https:\/\/armin-knab-gymnasium.de\/Home\/mint\/\" \/>\n<meta property=\"og:site_name\" content=\"Armin-Knab-Gymnasium Kitzingen\" \/>\n<meta property=\"article:modified_time\" content=\"2024-10-08T11:25:01+00:00\" \/>\n<meta property=\"og:image\" content=\"https:\/\/armin-knab-gymnasium.de\/Home\/wp-content\/uploads\/2020\/04\/TitelMINT.jpg\" \/>\n<meta name=\"twitter:card\" content=\"summary_large_image\" \/>\n<meta name=\"twitter:label1\" content=\"Gesch\u00e4tzte Lesezeit\" \/>\n\t<meta name=\"twitter:data1\" content=\"7\u00a0Minuten\" \/>\n\t<meta name=\"twitter:label2\" content=\"Written by\" \/>\n\t<meta name=\"twitter:data2\" content=\"Tilo Hemmert\" \/>\n<script type=\"application\/ld+json\" class=\"yoast-schema-graph\">{\"@context\":\"https:\\\/\\\/schema.org\",\"@graph\":[{\"@type\":\"WebPage\",\"@id\":\"https:\\\/\\\/armin-knab-gymnasium.de\\\/Home\\\/mint\\\/\",\"url\":\"https:\\\/\\\/armin-knab-gymnasium.de\\\/Home\\\/mint\\\/\",\"name\":\"MINT - Armin-Knab-Gymnasium Kitzingen\",\"isPartOf\":{\"@id\":\"https:\\\/\\\/armin-knab-gymnasium.de\\\/Home\\\/#website\"},\"primaryImageOfPage\":{\"@id\":\"https:\\\/\\\/armin-knab-gymnasium.de\\\/Home\\\/mint\\\/#primaryimage\"},\"image\":{\"@id\":\"https:\\\/\\\/armin-knab-gymnasium.de\\\/Home\\\/mint\\\/#primaryimage\"},\"thumbnailUrl\":\"https:\\\/\\\/armin-knab-gymnasium.de\\\/Home\\\/wp-content\\\/uploads\\\/2020\\\/04\\\/TitelMINT.jpg\",\"datePublished\":\"2020-04-15T09:56:33+00:00\",\"dateModified\":\"2024-10-08T11:25:01+00:00\",\"breadcrumb\":{\"@id\":\"https:\\\/\\\/armin-knab-gymnasium.de\\\/Home\\\/mint\\\/#breadcrumb\"},\"inLanguage\":\"de\",\"potentialAction\":[{\"@type\":\"ReadAction\",\"target\":[\"https:\\\/\\\/armin-knab-gymnasium.de\\\/Home\\\/mint\\\/\"]}]},{\"@type\":\"ImageObject\",\"inLanguage\":\"de\",\"@id\":\"https:\\\/\\\/armin-knab-gymnasium.de\\\/Home\\\/mint\\\/#primaryimage\",\"url\":\"https:\\\/\\\/armin-knab-gymnasium.de\\\/Home\\\/wp-content\\\/uploads\\\/2020\\\/04\\\/TitelMINT.jpg\",\"contentUrl\":\"https:\\\/\\\/armin-knab-gymnasium.de\\\/Home\\\/wp-content\\\/uploads\\\/2020\\\/04\\\/TitelMINT.jpg\",\"width\":1920,\"height\":409},{\"@type\":\"BreadcrumbList\",\"@id\":\"https:\\\/\\\/armin-knab-gymnasium.de\\\/Home\\\/mint\\\/#breadcrumb\",\"itemListElement\":[{\"@type\":\"ListItem\",\"position\":1,\"name\":\"Startseite\",\"item\":\"https:\\\/\\\/armin-knab-gymnasium.de\\\/Home\\\/\"},{\"@type\":\"ListItem\",\"position\":2,\"name\":\"MINT\"}]},{\"@type\":\"WebSite\",\"@id\":\"https:\\\/\\\/armin-knab-gymnasium.de\\\/Home\\\/#website\",\"url\":\"https:\\\/\\\/armin-knab-gymnasium.de\\\/Home\\\/\",\"name\":\"Armin-Knab-Gymnasium Kitzingen\",\"description\":\"Naturwissenschaftlich-technologisches und sprachliches Gymnasium\",\"publisher\":{\"@id\":\"https:\\\/\\\/armin-knab-gymnasium.de\\\/Home\\\/#organization\"},\"potentialAction\":[{\"@type\":\"SearchAction\",\"target\":{\"@type\":\"EntryPoint\",\"urlTemplate\":\"https:\\\/\\\/armin-knab-gymnasium.de\\\/Home\\\/?s={search_term_string}\"},\"query-input\":{\"@type\":\"PropertyValueSpecification\",\"valueRequired\":true,\"valueName\":\"search_term_string\"}}],\"inLanguage\":\"de\"},{\"@type\":\"Organization\",\"@id\":\"https:\\\/\\\/armin-knab-gymnasium.de\\\/Home\\\/#organization\",\"name\":\"Armin-Knab-Gymnasium Kitzingen\",\"url\":\"https:\\\/\\\/armin-knab-gymnasium.de\\\/Home\\\/\",\"logo\":{\"@type\":\"ImageObject\",\"inLanguage\":\"de\",\"@id\":\"https:\\\/\\\/armin-knab-gymnasium.de\\\/Home\\\/#\\\/schema\\\/logo\\\/image\\\/\",\"url\":\"https:\\\/\\\/armin-knab-gymnasium.de\\\/Home\\\/wp-content\\\/uploads\\\/2016\\\/11\\\/LogoIcon.png\",\"contentUrl\":\"https:\\\/\\\/armin-knab-gymnasium.de\\\/Home\\\/wp-content\\\/uploads\\\/2016\\\/11\\\/LogoIcon.png\",\"width\":512,\"height\":512,\"caption\":\"Armin-Knab-Gymnasium Kitzingen\"},\"image\":{\"@id\":\"https:\\\/\\\/armin-knab-gymnasium.de\\\/Home\\\/#\\\/schema\\\/logo\\\/image\\\/\"}}]}<\/script>\n<!-- \/ Yoast SEO plugin. -->","yoast_head_json":{"title":"MINT - Armin-Knab-Gymnasium Kitzingen","robots":{"index":"index","follow":"follow","max-snippet":"max-snippet:-1","max-image-preview":"max-image-preview:large","max-video-preview":"max-video-preview:-1"},"canonical":"https:\/\/armin-knab-gymnasium.de\/Home\/mint\/","og_locale":"de_DE","og_type":"article","og_title":"MINT - Armin-Knab-Gymnasium Kitzingen","og_description":"&nbsp; &nbsp; &nbsp; &nbsp; &nbsp; &nbsp; &nbsp; &nbsp; &nbsp; &nbsp; &nbsp; &nbsp; &nbsp; &nbsp;Mathematik&nbsp; &nbsp; &nbsp; &nbsp; &nbsp; &nbsp; &nbsp; &nbsp; &nbsp; &nbsp; &nbsp; &nbsp; &nbsp; &nbsp; &nbsp; &nbsp; &nbsp;... weiterlesen &raquo;","og_url":"https:\/\/armin-knab-gymnasium.de\/Home\/mint\/","og_site_name":"Armin-Knab-Gymnasium Kitzingen","article_modified_time":"2024-10-08T11:25:01+00:00","og_image":[{"url":"https:\/\/armin-knab-gymnasium.de\/Home\/wp-content\/uploads\/2020\/04\/TitelMINT.jpg","type":"","width":"","height":""}],"twitter_card":"summary_large_image","twitter_misc":{"Gesch\u00e4tzte Lesezeit":"7\u00a0Minuten","Written by":"Tilo Hemmert"},"schema":{"@context":"https:\/\/schema.org","@graph":[{"@type":"WebPage","@id":"https:\/\/armin-knab-gymnasium.de\/Home\/mint\/","url":"https:\/\/armin-knab-gymnasium.de\/Home\/mint\/","name":"MINT - Armin-Knab-Gymnasium Kitzingen","isPartOf":{"@id":"https:\/\/armin-knab-gymnasium.de\/Home\/#website"},"primaryImageOfPage":{"@id":"https:\/\/armin-knab-gymnasium.de\/Home\/mint\/#primaryimage"},"image":{"@id":"https:\/\/armin-knab-gymnasium.de\/Home\/mint\/#primaryimage"},"thumbnailUrl":"https:\/\/armin-knab-gymnasium.de\/Home\/wp-content\/uploads\/2020\/04\/TitelMINT.jpg","datePublished":"2020-04-15T09:56:33+00:00","dateModified":"2024-10-08T11:25:01+00:00","breadcrumb":{"@id":"https:\/\/armin-knab-gymnasium.de\/Home\/mint\/#breadcrumb"},"inLanguage":"de","potentialAction":[{"@type":"ReadAction","target":["https:\/\/armin-knab-gymnasium.de\/Home\/mint\/"]}]},{"@type":"ImageObject","inLanguage":"de","@id":"https:\/\/armin-knab-gymnasium.de\/Home\/mint\/#primaryimage","url":"https:\/\/armin-knab-gymnasium.de\/Home\/wp-content\/uploads\/2020\/04\/TitelMINT.jpg","contentUrl":"https:\/\/armin-knab-gymnasium.de\/Home\/wp-content\/uploads\/2020\/04\/TitelMINT.jpg","width":1920,"height":409},{"@type":"BreadcrumbList","@id":"https:\/\/armin-knab-gymnasium.de\/Home\/mint\/#breadcrumb","itemListElement":[{"@type":"ListItem","position":1,"name":"Startseite","item":"https:\/\/armin-knab-gymnasium.de\/Home\/"},{"@type":"ListItem","position":2,"name":"MINT"}]},{"@type":"WebSite","@id":"https:\/\/armin-knab-gymnasium.de\/Home\/#website","url":"https:\/\/armin-knab-gymnasium.de\/Home\/","name":"Armin-Knab-Gymnasium Kitzingen","description":"Naturwissenschaftlich-technologisches und sprachliches Gymnasium","publisher":{"@id":"https:\/\/armin-knab-gymnasium.de\/Home\/#organization"},"potentialAction":[{"@type":"SearchAction","target":{"@type":"EntryPoint","urlTemplate":"https:\/\/armin-knab-gymnasium.de\/Home\/?s={search_term_string}"},"query-input":{"@type":"PropertyValueSpecification","valueRequired":true,"valueName":"search_term_string"}}],"inLanguage":"de"},{"@type":"Organization","@id":"https:\/\/armin-knab-gymnasium.de\/Home\/#organization","name":"Armin-Knab-Gymnasium Kitzingen","url":"https:\/\/armin-knab-gymnasium.de\/Home\/","logo":{"@type":"ImageObject","inLanguage":"de","@id":"https:\/\/armin-knab-gymnasium.de\/Home\/#\/schema\/logo\/image\/","url":"https:\/\/armin-knab-gymnasium.de\/Home\/wp-content\/uploads\/2016\/11\/LogoIcon.png","contentUrl":"https:\/\/armin-knab-gymnasium.de\/Home\/wp-content\/uploads\/2016\/11\/LogoIcon.png","width":512,"height":512,"caption":"Armin-Knab-Gymnasium Kitzingen"},"image":{"@id":"https:\/\/armin-knab-gymnasium.de\/Home\/#\/schema\/logo\/image\/"}}]}},"publishpress_future_action":{"enabled":false,"date":"2026-05-09 02:27:39","action":"change-status","newStatus":"draft","terms":[],"taxonomy":"author","extraData":[]},"publishpress_future_workflow_manual_trigger":{"enabledWorkflows":[]},"_links":{"self":[{"href":"https:\/\/armin-knab-gymnasium.de\/Home\/wp-json\/wp\/v2\/pages\/7833","targetHints":{"allow":["GET"]}}],"collection":[{"href":"https:\/\/armin-knab-gymnasium.de\/Home\/wp-json\/wp\/v2\/pages"}],"about":[{"href":"https:\/\/armin-knab-gymnasium.de\/Home\/wp-json\/wp\/v2\/types\/page"}],"author":[{"embeddable":true,"href":"https:\/\/armin-knab-gymnasium.de\/Home\/wp-json\/wp\/v2\/users\/3"}],"replies":[{"embeddable":true,"href":"https:\/\/armin-knab-gymnasium.de\/Home\/wp-json\/wp\/v2\/comments?post=7833"}],"version-history":[{"count":72,"href":"https:\/\/armin-knab-gymnasium.de\/Home\/wp-json\/wp\/v2\/pages\/7833\/revisions"}],"predecessor-version":[{"id":16567,"href":"https:\/\/armin-knab-gymnasium.de\/Home\/wp-json\/wp\/v2\/pages\/7833\/revisions\/16567"}],"wp:attachment":[{"href":"https:\/\/armin-knab-gymnasium.de\/Home\/wp-json\/wp\/v2\/media?parent=7833"}],"wp:term":[{"taxonomy":"author","embeddable":true,"href":"https:\/\/armin-knab-gymnasium.de\/Home\/wp-json\/wp\/v2\/coauthors?post=7833"}],"curies":[{"name":"wp","href":"https:\/\/api.w.org\/{rel}","templated":true}]}}